{"id":5793,"date":"2021-03-10T13:50:07","date_gmt":"2021-03-10T12:50:07","guid":{"rendered":"http:\/\/www.cipa-association.org\/?page_id=5793"},"modified":"2021-03-10T13:52:04","modified_gmt":"2021-03-10T12:52:04","slug":"passe-present","status":"publish","type":"page","link":"https:\/\/www.cipa.lemonad.fr\/www\/passe-present\/","title":{"rendered":"Pass\u00e9\/Pr\u00e9sent"},"content":{"rendered":"<style type=\"text\/css\"> \n#cmsms_row_69f4e6212763f .cmsms_row_outer_parent { \n\tpadding-top: 60px; \n} \n\n#cmsms_row_69f4e6212763f .cmsms_row_outer_parent { \n\tpadding-bottom: 40px; \n} \n\n \n#cmsms_heading_69f4e62127bd0, #cmsms_heading_69f4e62127bd0 a { \n\ttext-align:left; \n\tfont-weight:500; \n\tfont-style:normal; \n\tmargin-top:0px; \n\tmargin-bottom:20px; \n} \n \n#cmsms_tabs_list_item_69f4e62127de3 a:hover,#cmsms_tabs_list_item_69f4e62127de3.current_tab a { \n\tbackground-color:#f65b00; \n\tborder-color:#f65b00; \n} \n\n#cmsms_tabs_list_item_69f4e62127e91 a:hover,#cmsms_tabs_list_item_69f4e62127e91.current_tab a { \n\tbackground-color:#fe840a; \n\tborder-color:#fe840a; \n} \n\n#cmsms_tabs_list_item_69f4e62128068 a:hover,#cmsms_tabs_list_item_69f4e62128068.current_tab a { \n\tbackground-color:#ffc44c; \n\tborder-color:#ffc44c; \n} \n\n#cmsms_tabs_list_item_69f4e621280f5 a:hover,#cmsms_tabs_list_item_69f4e621280f5.current_tab a { \n\tbackground-color:#ffb136; \n\tborder-color:#ffb136; \n} \n \n#cmsms_divider_69f4e621281d4 { \n\tpadding-top:40px; \n\tmargin-bottom:20px; \n} \n<\/style><div id=\"cmsms_row_69f4e62126dce\" class=\"cmsms_row cmsms_color_scheme_default\">\n<div class=\"cmsms_row_outer_parent\">\n<div class=\"cmsms_row_outer\">\n<div class=\"cmsms_row_inner\">\n<div class=\"cmsms_row_margin\">\n<div class=\"cmsms_column one_first\">\n<div class=\"cmsms_text\">\n<p>&nbsp;<\/p>\n<\/div>\n<\/div>\n<\/div>\n<\/div>\n<\/div>\n<\/div>\n<\/div>\n<div id=\"cmsms_row_69f4e62127341\" class=\"cmsms_row cmsms_color_scheme_default\">\n<div class=\"cmsms_row_outer_parent\">\n<div class=\"cmsms_row_outer\">\n<div class=\"cmsms_row_inner\">\n<div class=\"cmsms_row_margin\">\n<div class=\"cmsms_column one_first\">\n<div class=\"cmsms_text\">\n<p>&nbsp;<\/p>\n<\/div>\n<\/div>\n<\/div>\n<\/div>\n<\/div>\n<\/div>\n<\/div>\n<div id=\"cmsms_row_69f4e62127447\" class=\"cmsms_row cmsms_color_scheme_default\">\n<div class=\"cmsms_row_outer_parent\">\n<div class=\"cmsms_row_outer\">\n<div class=\"cmsms_row_inner\">\n<div class=\"cmsms_row_margin\">\n<div class=\"cmsms_column one_first\">\n<div class=\"cmsms_text\">\n<div style=\"text-align: center;\"><span style=\"font-family: Verdana, serif; font-size: 12pt; color: #ff7700;\"><span style=\"font-family: Verdana, serif; font-size: 12pt; color: #ff7700;\"><span style=\"font-family: Verdana, serif; font-size: 12pt; color: #f65b00;\">Marie-Laure Dimon s&rsquo;est engag\u00e9e pendant treize ans, dont onze de pr\u00e9sidence,<br \/>\ndans les travaux de recherche et d&rsquo;organisation du CIPA.<br \/>\nElle a souhait\u00e9 pour son d\u00e9part de la pr\u00e9sidence pr\u00e9senter une r\u00e9trospective,<br \/>\n\u00abPass\u00e9\/Pr\u00e9sent\u00bb, des recherches et activit\u00e9s qui ont \u00e9t\u00e9 r\u00e9alis\u00e9es.<\/span><\/span><\/span><\/p>\n<div style=\"color: #666; text-align: center;\">Ce travail, qu&rsquo;elle a accompli avec ses coll\u00e8gues, a permis d&rsquo;approfondir les interstices entre psychanalyse<br \/>\net anthropologie freudienne et aussi anthropologie critique, donnant \u00e0 la psych\u00e9 sa pleine dimension<br \/>\ndans la rencontre avec la culture, le social et leurs effets interactifs.<\/p>\n<\/div>\n<div><\/div>\n<div><\/div>\n<div style=\"color: #666; text-align: center;\"><strong>Christine Gioja Brunerie<\/strong>, la nouvelle pr\u00e9sidente, se situe dans cette continuit\u00e9 tout en ouvrant davantage le CIPA<br \/>\nau num\u00e9rique. Elle a rendu un hommage \u00e0 Marie-Laure Dimon avec d&rsquo;autres coll\u00e8gues et souhait\u00e9 que ces diff\u00e9rents textes<br \/>\nsoient mis sur le site avec l&rsquo;intention de mieux faire conna\u00eetre aux lecteurs notre Coll\u00e8ge.<\/div>\n<\/div>\n<\/div>\n<\/div>\n<\/div>\n<\/div>\n<\/div>\n<\/div>\n<\/div>\n\n<div id=\"cmsms_row_69f4e6212763f\" class=\"cmsms_row cmsms_color_scheme_default\">\n<div class=\"cmsms_row_outer_parent\">\n<div class=\"cmsms_row_outer\">\n<div class=\"cmsms_row_inner\">\n<div class=\"cmsms_row_margin\">\n\n<p><div class=\"cmsms_column one_first\">\n<h1 id=\"cmsms_heading_69f4e62127bd0\" class=\"cmsms_heading\">Pass\u00e9\/Pr\u00e9sent<\/h1>\n \n<div class=\"cmsms_tabs tabs_mode_tour tabs_pos_left\" data-animation=\"fadeInUp\" data-delay=\"0\">\n<ul class=\"cmsms_tabs_list\">\n<li id=\"cmsms_tabs_list_item_69f4e62127de3\" class=\"cmsms_tabs_list_item current_tab\">\n<a href=\"#\">\n<span>Marie-Laure Dimon<\/span>\n<\/a>\n<\/li><li id=\"cmsms_tabs_list_item_69f4e62127e91\" class=\"cmsms_tabs_list_item\">\n<a href=\"#\">\n<span>Christine Gioja Brunerie<\/span>\n<\/a>\n<\/li><li id=\"cmsms_tabs_list_item_69f4e62127f19\" class=\"cmsms_tabs_list_item\">\n<a href=\"#\">\n<span>Agn\u00e8s Antoine<\/span>\n<\/a>\n<\/li><li id=\"cmsms_tabs_list_item_69f4e62127fb0\" class=\"cmsms_tabs_list_item\">\n<a href=\"#\">\n<span>Louis Moreau de Bellaing<\/span>\n<\/a>\n<\/li><li id=\"cmsms_tabs_list_item_69f4e62128068\" class=\"cmsms_tabs_list_item\">\n<a href=\"#\">\n<span>Serge Raymond<\/span>\n<\/a>\n<\/li><li id=\"cmsms_tabs_list_item_69f4e621280f5\" class=\"cmsms_tabs_list_item\">\n<a href=\"#\">\n<span>Jean Nadal<\/span>\n<\/a>\n<\/li><\/ul>\n<div class=\"cmsms_tabs_wrap\">\n<div id=\"cmsms_tab_69f4e62127de3\" class=\"cmsms_tab active_tab\">\n<div class=\"cmsms_tab_inner\">\n<div><span style=\"color: #ff7700; font-size: 12pt;\"><strong>Pour conclure ces treize ann\u00e9es<\/strong>\u00a0<\/span><\/div>\n<div><\/div>\n<div><span style=\"font-size: 10pt;\"><br \/>\nJe voudrais remercier mes coll\u00e8gues du Bureau, du CA et l\u2019ensemble des membres du CIPA pour leurs divers investissements dans le collectif et dans les activit\u00e9s, mais aussi pour les discussions th\u00e9oriques que j\u2019ai eues, tout au long de ces ann\u00e9es, avec certains d\u2019entre vous pour pr\u00e9parer notamment nos Rencontres-d\u00e9bat. Les s\u00e9minaires interdisciplinaires co-anim\u00e9s avec Agn\u00e8s Antoine et Louis Moreau de Bellaing, les S\u00e9minaires Th\u00e9matiques organis\u00e9s par Christine Gioja Brunerie et Anne-Marie Leriche ont \u00e9t\u00e9 pour moi source de plaisir de penser ensemble. Merci aussi \u00e0 Michel Brouta responsable de la Newsletter et \u00e0 Serge Raymond qui a fait conna\u00eetre le CIPA \u00e0 travers des articles dans diverses revues. Un chaleureux merci encore \u00e0 Christine Gioja Brunerie qui a eu en charge le c\u00f4t\u00e9 administratif de l\u2019association, nous avons ensemble partag\u00e9 une r\u00e9flexion organisationnelle et institutionnelle pour mener \u00e0 bien cette t\u00e2che, parfois complexe. <\/span><em><span style=\"color: #ff7700;\">&#8230; <\/span><span style=\"color: #ff7700;\"><a style=\"color: #ff7700;\" href=\"http:\/\/www.cipa-association.org\/passe-present-ml-dimon\/\" target=\"_blank\" rel=\"noopener\">Lire la suite.<\/a><\/span><\/em><\/div>\n<div><\/div>\n<div><\/div>\n<\/div>\n<\/div><div id=\"cmsms_tab_69f4e62127e91\" class=\"cmsms_tab\">\n<div class=\"cmsms_tab_inner\">\n<p><strong><span style=\"color: #ff7700; font-size: 12pt;\">Le changement de pr\u00e9sidente<\/span><br \/>\n<\/strong><\/p>\n<p><span style=\"font-size: 10pt;\"><br \/>\nEn tant que nouvelle pr\u00e9sidente, je succ\u00e8de \u00e0 Marie-Laure Dimon qui est \u00e0 cette place depuis mai 2009 et qui nous laisse un h\u00e9ritage fructueux et \u00e0 continuer de faire fructifier.<br \/>\nAvant de vous dire ce que je souhaite pour le CIPA, je voudrais d\u2019abord exprimer ma reconnaissance \u00e0 Marie-Laure devant tout le travail qu\u2019elle a accompli menant le CIPA sur un chemin remarquable de rigueur et d\u2019int\u00e9grit\u00e9 dans l\u2019approfondissement d\u2019une pens\u00e9e qui nous a guid\u00e9.e.s jusqu\u2019\u00e0 l\u2019observation de l\u2019archa\u00efque et du sensible en lien avec les al\u00e9as du monde contemporain. Elle n\u2019a eu de cesse de nous amener vers des id\u00e9es qui \u00e9chappaient aux sir\u00e8nes de la nostalgie et de l\u2019impr\u00e9cation si faciles \u00e0 ouvrir dans le monde en crise qui est le n\u00f4tre. <\/span><em><span style=\"color: #ff7700;\">&#8230; <a href=\"http:\/\/www.cipa-association.org\/passe-present-christine-gioja-brunerie\/\" target=\"_blank\" rel=\"noopener\">Lire la suite.<\/a><\/span><\/em><\/p>\n<p><strong>\u00a0<\/strong><\/p>\n<p>&nbsp;<\/p>\n<\/div>\n<\/div><div id=\"cmsms_tab_69f4e62127f19\" class=\"cmsms_tab\">\n<div class=\"cmsms_tab_inner\">\n<p><strong><span style=\"color: #ff7700; font-size: 12pt;\">Hommage \u00e0 Marie-Laure Dimon<\/span><\/strong><\/p>\n<p><span style=\"font-size: 10pt;\">\u00a0<\/span><\/p>\n<p>Quand je veux \u00e9voquer la pr\u00e9sidence de Marie-Laure, trois mots me viennent spontan\u00e9ment \u00e0 l\u2019esprit : passion, politique et ouverture.<\/p>\n<p>1- \u00ab\u00a0<b>Passion\u00a0<\/b>\u00bb pour le CIPA qui s\u2019est ressentie tout au long de sa pr\u00e9sidence et qui se communiquait \u00e0 toute l\u2019association, lui donnant <i>vie <\/i>et<i> intensit\u00e9<\/i>.<\/p>\n<p>2- \u00ab\u00a0<b>Politique<\/b>\u00a0\u00bb\u00a0: c\u2019est cet effort sans rel\u00e2che pour r\u00e9affirmer et affiner <i>l\u2019identit\u00e9 sp\u00e9cifique<\/i> du CIPA au sein du paysage des associations psychanalytiques. Cette identit\u00e9, aujourd\u2019hui, vous le savez, se d\u00e9ploie selon deux axes compl\u00e9mentaires et interd\u00e9pendants\u00a0: l\u2019exploration psychanalytique des liens entre <i>l\u2019individuel<\/i> et <i>le collectif<\/i>, l\u2019intrapsychique et l\u2019espace socio-historique\u00a0; avec l\u2019intuition que le n\u0153ud de cette articulation se situe dans <i>l\u2019archa\u00efque<\/i>, qui constitue, en cons\u00e9quence, le second axe privil\u00e9gi\u00e9 d\u2019investigation du CIPA.\u00a0\u00a0<em><span style=\"color: #ff7700;\">&#8230; <a href=\"http:\/\/www.cipa-association.org\/passe-present-agnes-antoine\" target=\"_blank\" rel=\"noopener\">Lire la suite.<\/a><\/span><\/em><\/p>\n<\/div>\n<\/div><div id=\"cmsms_tab_69f4e62127fb0\" class=\"cmsms_tab\">\n<div class=\"cmsms_tab_inner\">\n<p><strong><span style=\"color: #ff7700; font-size: 12pt;\"><span style=\"font-family: Arial;\"><span style=\"color: 000;\">Le pass\u00e9\/pr\u00e9sent et l\u2019avenir du CIPA<\/span><\/span>\u00a0<\/span><br \/>\n<\/strong><\/p>\n<p><span style=\"font-size: 10pt;\">\u00a0<\/span><\/p>\n<p>Si nous partons du pr\u00e9sent, ce qui me para\u00eet important d\u2019abord, ce sont tous les d\u00e9bats que nous avons au CIPA sur ce qui touche aussi bien \u00e0 la psychanalyse qu\u2019\u00e0 l\u2019anthropologie critique et dont les \u00e9chos se diffusent, se croisent et se r\u00e9pondent entre les s\u00e9minaires interdisciplinaires [\u00ab Un social possible ? \u00bb et \u00ab L\u2019originaire \u00bb] et les r\u00e9unions de bureau. Il me semble que, dans ces points de discussion, nous avons une sorte de question latente : comment l\u2019individu singulier se socialise-t-il ? Comment les rapports sociaux objectifs et le lien social subjectif avec le d\u00e9j\u00e0-l\u00e0 contribuent-ils \u00e0 socialiser l\u2019individu ? Ces questions, nous tentons d\u2019y r\u00e9pondre avec les apports et les expertises des uns et des autres de nos membres. \u00a0<em><span style=\"color: #ff7700;\">&#8230; <a href=\"http:\/\/www.cipa-association.org\/passe-present-louis-moreau-de-bellaing\/\" target=\"_blank\" rel=\"noopener\">Lire la suite.<\/a><\/span><\/em><\/p>\n<\/div>\n<\/div><div id=\"cmsms_tab_69f4e62128068\" class=\"cmsms_tab\">\n<div class=\"cmsms_tab_inner\">\n<p><strong><span style=\"color: #ff7700; font-size: 12pt;\"><span style=\"font-family: Arial;\"><span style=\"color: 000;\"><span lang=\"fr-FR\">Marie Laure, notre pr\u00e9sidente<\/span><\/span><\/span>\u00a0<\/span><br \/>\n<\/strong><\/p>\n<p><span style=\"font-size: 10pt;\">\u00a0<\/span><\/p>\n<p>Voil\u00e0 ! Tu nous demande de dire, et \u00e9crire, nos sentiments \u00e0 propos d\u2019un texte, le tien, pr\u00e9sent\u00e9 sous forme d\u2019inventaire. Plus simplement d\u2019un bilan d\u2019activit\u00e9s sur pratiquement treize ans de pr\u00e9sidence. Tu conviendras que cette entreprise soit d\u2019un exercice difficile sinon p\u00e9rilleux, encore compliqu\u00e9 par cette visio-conf\u00e9rence que je ressens comme une mascarade qui anesth\u00e9sie l\u2019expression des sentiments, la sensibilit\u00e9 des \u00e9changes, et fausse ou alt\u00e8re, voire appauvrit toute spontan\u00e9it\u00e9. C\u2019est par un \u00e9trange cheminement que j\u2019ai relu, cet \u00e9t\u00e9, phase de d\u00e9confinement, le livre de S. de Beauvoir, La c\u00e9r\u00e9monie des adieux suivi de Entretiens avec Jean-Paul Sartre. Ao\u00fbt-Septembre 1974.<\/p>\n<p>En fin de lecture, j\u2019\u00e9prouve un curieux sentiment de piti\u00e9 pour le philosophe, interview\u00e9 par sa compagne de route. Elle lui r\u00e8gle son compte sans plus de c\u00e9r\u00e9monie. <em><span style=\"color: #ff7700;\">&#8230; <a href=\"http:\/\/www.cipa-association.org\/passe-present-serge-raymond\/\" target=\"_blank\" rel=\"noopener\">Lire la suite.<\/a><\/span><\/em><\/p>\n<p>&nbsp;<\/p>\n<\/div>\n<\/div><div id=\"cmsms_tab_69f4e621280f5\" class=\"cmsms_tab\">\n<div class=\"cmsms_tab_inner\">\n<p><strong><span style=\"color: #ff7700; font-size: 12pt;\"><span style=\"font-family: Arial;\"><span style=\"color: 000;\"><span lang=\"fr-FR\"><span style=\"color: 000,; font-family: Arial;\">Marie-Laure Dimon, la coll\u00e9gialit\u00e9 dans la constitution du nous<\/span><\/span><\/span><\/span>\u00a0<\/span><\/strong><\/p>\n<p>&nbsp;<\/p>\n<div class=\"moz-signature\">\n<p>\u00c0 l&rsquo;occasion de la prise de responsabilit\u00e9 de la Pr\u00e9sidence du CIPA par Christine Gioja Brunerie que je f\u00e9licite pour son \u00e9lection, je joins quelques commentaires sur l&rsquo;apport consid\u00e9rable de Marie-Laure Dimon. Quelques observations liminaires\u00a0:<span style=\"color: #666666;\"><strong>La psychanalyse est une anthropologie<\/strong><\/span><\/p>\n<p>C\u2019est ce que Marie Laure rappelle, utilement dans son r\u00e9cent \u00ab\u00a0<i>Rapport moral<\/i>\u00a0\u00bb. Tel est effectivement le projet fondateur du Coll\u00e8ge et de son ouverture \u00e0 des praticiens-chercheurs en sciences humaines, mais aussi dans d\u2019autres domaines autant scientifiques que litt\u00e9raires et artistiques, se r\u00e9unissant, \u00e0 partir de l&rsquo;\u0153uvre de Freud, autour du concept d&rsquo;inconscient. Serait-ce par nostalgie\u00a0? Ou, plut\u00f4t dans la qu\u00eate d\u2019un viatique et\/ou d\u2019une inscription dans une filiation qui permet \u00e0 l\u2019analyste de se nourrir du savoir des autres disciplines \u2013 ce champ anthropologique auquel Freud se r\u00e9f\u00e8re et qui a contribu\u00e9 \u00e0 la construction de la m\u00e9tapsychologie \u2013 et de s\u2019identifier\u00a0!<\/p>\n<\/div>\n<p><em><span style=\"color: #ff7700;\">&#8230; <a href=\"http:\/\/www.cipa-association.org\/passe-present-jean-nadal\/\" target=\"_blank\" rel=\"noopener\">Lire la suite<\/a>.<\/span><\/em><\/p>\n<\/div>\n<\/div>\n<p><\/div>\n<\/div>\n<div id=\"cmsms_divider_69f4e621281d4\" class=\"cmsms_divider solid\"><\/div>\n<\/div>\n<\/div>\n<\/div>\n<\/div>\n<\/div>\n<\/div>\n<div id=\"cmsms_row_69f4e62128299\" class=\"cmsms_row cmsms_color_scheme_default\">\n<div class=\"cmsms_row_outer_parent\">\n<div class=\"cmsms_row_outer\">\n<div class=\"cmsms_row_inner\">\n<div class=\"cmsms_row_margin\">\n<\/div>\n<\/div>\n<\/div>\n<\/div>\n<\/div>\n<div class=\"cmsms_column one_first\">\n<\/div>\n<div class=\"cmsms_text\">\n<\/div>\n<\/p>\n<p>&nbsp;<\/p>\n","protected":false},"excerpt":{"rendered":"<p>&nbsp;<\/p>\n","protected":false},"author":4,"featured_media":0,"parent":0,"menu_order":0,"comment_status":"closed","ping_status":"closed","template":"","meta":{"_monsterinsights_skip_tracking":false,"_monsterinsights_sitenote_active":false,"_monsterinsights_sitenote_note":"","_monsterinsights_sitenote_category":0},"_links":{"self":[{"href":"https:\/\/www.cipa.lemonad.fr\/www\/wp-json\/wp\/v2\/pages\/5793"}],"collection":[{"href":"https:\/\/www.cipa.lemonad.fr\/www\/wp-json\/wp\/v2\/pages"}],"about":[{"href":"https:\/\/www.cipa.lemonad.fr\/www\/wp-json\/wp\/v2\/types\/page"}],"author":[{"embeddable":true,"href":"https:\/\/www.cipa.lemonad.fr\/www\/wp-json\/wp\/v2\/users\/4"}],"replies":[{"embeddable":true,"href":"https:\/\/www.cipa.lemonad.fr\/www\/wp-json\/wp\/v2\/comments?post=5793"}],"version-history":[{"count":84,"href":"https:\/\/www.cipa.lemonad.fr\/www\/wp-json\/wp\/v2\/pages\/5793\/revisions"}],"predecessor-version":[{"id":5942,"href":"https:\/\/www.cipa.lemonad.fr\/www\/wp-json\/wp\/v2\/pages\/5793\/revisions\/5942"}],"wp:attachment":[{"href":"https:\/\/www.cipa.lemonad.fr\/www\/wp-json\/wp\/v2\/media?parent=5793"}],"curies":[{"name":"wp","href":"https:\/\/api.w.org\/{rel}","templated":true}]}}